{"id":1172,"date":"2019-05-31T16:57:25","date_gmt":"2019-05-31T14:57:25","guid":{"rendered":"https:\/\/www.auroracereali.com\/prodotto\/ekmeklik-bugday\/"},"modified":"2019-05-31T16:57:25","modified_gmt":"2019-05-31T14:57:25","slug":"ekmeklik-bugday","status":"publish","type":"product","link":"https:\/\/www.auroracereali.com\/tr\/prodotto\/ekmeklik-bugday\/","title":{"rendered":"Ekmeklik Bu\u011fday"},"content":{"rendered":"","protected":false},"excerpt":{"rendered":"<p><strong>B\u0130L\u0130MSEL \u0130S\u0130M<br \/>\n<\/strong>Triticum Aestivum<\/p>\n<p><strong>MEN\u015eE<br \/>\n<\/strong>\u0130TALYA<\/p>\n<p><strong>\u0130<\/strong><strong>\u00c7ER\u0130K<br \/>\n<\/strong>%100 EKMEKL\u0130K BU\u011eDAYI<\/p>\n<p><strong>AMBALAJ<br \/>\n<\/strong>30 TON Toptan<\/p>\n<p><strong>KATEGOR\u0130: <\/strong>TAHIL<\/p>\n","protected":false},"featured_media":1089,"template":"","meta":[],"yoast_head":"<!-- This site is optimized with the Yoast SEO plugin v15.7 - https:\/\/yoast.com\/wordpress\/plugins\/seo\/ -->\n<title>Ekmeklik Bu\u011fday - Aurora Cereali<\/title>\n<meta name=\"robots\" content=\"index, follow, max-snippet:-1, max-image-preview:large, max-video-preview:-1\" \/>\n<link rel=\"canonical\" href=\"https:\/\/www.auroracereali.com\/tr\/prodotto\/ekmeklik-bugday\/\" \/>\n<meta property=\"og:locale\" content=\"tr_TR\" \/>\n<meta property=\"og:type\" content=\"article\" \/>\n<meta property=\"og:title\" content=\"Ekmeklik Bu\u011fday - Aurora Cereali\" \/>\n<meta property=\"og:description\" content=\"B\u0130L\u0130MSEL \u0130S\u0130M Triticum Aestivum  MEN\u015eE \u0130TALYA  \u0130\u00c7ER\u0130K %100 EKMEKL\u0130K BU\u011eDAYI  AMBALAJ 30 TON Toptan  KATEGOR\u0130: TAHIL\" \/>\n<meta property=\"og:url\" content=\"https:\/\/www.auroracereali.com\/tr\/prodotto\/ekmeklik-bugday\/\" \/>\n<meta property=\"og:site_name\" content=\"Aurora Cereali\" \/>\n<meta property=\"article:publisher\" content=\"https:\/\/www.facebook.com\/auroracereali\/\" \/>\n<meta property=\"og:image\" content=\"https:\/\/www.auroracereali.com\/wp-content\/uploads\/2019\/05\/Grano-tenero-.jpeg\" \/>\n\t<meta property=\"og:image:width\" content=\"600\" \/>\n\t<meta property=\"og:image:height\" content=\"413\" \/>\n<meta name=\"twitter:card\" content=\"summary_large_image\" \/>\n<script type=\"application\/ld+json\" class=\"yoast-schema-graph\">{\"@context\":\"https:\/\/schema.org\",\"@graph\":[{\"@type\":\"WebSite\",\"@id\":\"https:\/\/www.auroracereali.com\/#website\",\"url\":\"https:\/\/www.auroracereali.com\/\",\"name\":\"Aurora Cereali\",\"description\":\"Produttori di Cerali in Sicilia | Agricoltura Italiana Biologica Controllata\",\"potentialAction\":[{\"@type\":\"SearchAction\",\"target\":\"https:\/\/www.auroracereali.com\/?s={search_term_string}\",\"query-input\":\"required name=search_term_string\"}],\"inLanguage\":\"tr\"},{\"@type\":\"ImageObject\",\"@id\":\"https:\/\/www.auroracereali.com\/tr\/prodotto\/ekmeklik-bugday\/#primaryimage\",\"inLanguage\":\"tr\",\"url\":\"https:\/\/www.auroracereali.com\/wp-content\/uploads\/2019\/05\/Grano-tenero-.jpeg\",\"width\":600,\"height\":413},{\"@type\":\"WebPage\",\"@id\":\"https:\/\/www.auroracereali.com\/tr\/prodotto\/ekmeklik-bugday\/#webpage\",\"url\":\"https:\/\/www.auroracereali.com\/tr\/prodotto\/ekmeklik-bugday\/\",\"name\":\"Ekmeklik Bu\\u011fday - Aurora Cereali\",\"isPartOf\":{\"@id\":\"https:\/\/www.auroracereali.com\/#website\"},\"primaryImageOfPage\":{\"@id\":\"https:\/\/www.auroracereali.com\/tr\/prodotto\/ekmeklik-bugday\/#primaryimage\"},\"datePublished\":\"2019-05-31T14:57:25+00:00\",\"dateModified\":\"2019-05-31T14:57:25+00:00\",\"inLanguage\":\"tr\",\"potentialAction\":[{\"@type\":\"ReadAction\",\"target\":[\"https:\/\/www.auroracereali.com\/tr\/prodotto\/ekmeklik-bugday\/\"]}]}]}<\/script>\n<!-- \/ Yoast SEO plugin. -->","_links":{"self":[{"href":"https:\/\/www.auroracereali.com\/tr\/wp-json\/wp\/v2\/product\/1172"}],"collection":[{"href":"https:\/\/www.auroracereali.com\/tr\/wp-json\/wp\/v2\/product"}],"about":[{"href":"https:\/\/www.auroracereali.com\/tr\/wp-json\/wp\/v2\/types\/product"}],"wp:featuredmedia":[{"embeddable":true,"href":"https:\/\/www.auroracereali.com\/tr\/wp-json\/wp\/v2\/media\/1089"}],"wp:attachment":[{"href":"https:\/\/www.auroracereali.com\/tr\/wp-json\/wp\/v2\/media?parent=1172"}],"curies":[{"name":"wp","href":"https:\/\/api.w.org\/{rel}","templated":true}]}}