{"id":1173,"date":"2019-05-31T17:02:47","date_gmt":"2019-05-31T15:02:47","guid":{"rendered":"https:\/\/www.auroracereali.com\/prodotto\/organik-ekmeklik-bugday\/"},"modified":"2019-05-31T17:02:47","modified_gmt":"2019-05-31T15:02:47","slug":"organik-ekmeklik-bugday","status":"publish","type":"product","link":"https:\/\/www.auroracereali.com\/tr\/prodotto\/organik-ekmeklik-bugday\/","title":{"rendered":"Organik Ekmeklik Bu\u011fday"},"content":{"rendered":"","protected":false},"excerpt":{"rendered":"<p><strong>Biyolojik<\/strong><\/p>\n<p>834\/07 ve 889\/08 say\u0131l\u0131 AB Kanunlar\u0131 ile uyumlu organik \u00fcr\u00fcn<\/p>\n<p><strong>B\u0130L\u0130MSEL \u0130S\u0130M<br \/>\n<\/strong>Triticum Aestivum<\/p>\n<p><strong>MEN\u015eE\u0130<br \/>\n<\/strong>\u0130TALYA<\/p>\n<p><strong>\u0130\u00c7ER\u0130K<br \/>\n<\/strong>%100\u00a0 ORGAN\u0130K EKMEKL\u0130K BU\u011eDAY<\/p>\n<p><strong>AMBALAJ<\/strong><\/p>\n<p>30 TON Toptan<\/p>\n<p><strong>KATEGOR\u0130: <\/strong>TAHIL<\/p>\n","protected":false},"featured_media":1053,"template":"","meta":[],"yoast_head":"<!-- This site is optimized with the Yoast SEO plugin v15.7 - https:\/\/yoast.com\/wordpress\/plugins\/seo\/ -->\n<title>Organik Ekmeklik Bu\u011fday - Aurora Cereali<\/title>\n<meta name=\"robots\" content=\"index, follow, max-snippet:-1, max-image-preview:large, max-video-preview:-1\" \/>\n<link rel=\"canonical\" href=\"https:\/\/www.auroracereali.com\/tr\/prodotto\/organik-ekmeklik-bugday\/\" \/>\n<meta property=\"og:locale\" content=\"tr_TR\" \/>\n<meta property=\"og:type\" content=\"article\" \/>\n<meta property=\"og:title\" content=\"Organik Ekmeklik Bu\u011fday - Aurora Cereali\" \/>\n<meta property=\"og:description\" content=\"Biyolojik  834\/07 ve 889\/08 say\u0131l\u0131 AB Kanunlar\u0131 ile uyumlu organik \u00fcr\u00fcn  B\u0130L\u0130MSEL \u0130S\u0130M Triticum Aestivum  MEN\u015eE\u0130 \u0130TALYA  \u0130\u00c7ER\u0130K %100\u00a0 ORGAN\u0130K EKMEKL\u0130K BU\u011eDAY  AMBALAJ  30 TON Toptan  KATEGOR\u0130: TAHIL\" \/>\n<meta property=\"og:url\" content=\"https:\/\/www.auroracereali.com\/tr\/prodotto\/organik-ekmeklik-bugday\/\" \/>\n<meta property=\"og:site_name\" content=\"Aurora Cereali\" \/>\n<meta property=\"article:publisher\" content=\"https:\/\/www.facebook.com\/auroracereali\/\" \/>\n<meta property=\"og:image\" content=\"https:\/\/www.auroracereali.com\/wp-content\/uploads\/2019\/05\/Chicchi-di-grano.jpg\" \/>\n\t<meta property=\"og:image:width\" content=\"1050\" \/>\n\t<meta property=\"og:image:height\" content=\"750\" \/>\n<meta name=\"twitter:card\" content=\"summary_large_image\" \/>\n<script type=\"application\/ld+json\" class=\"yoast-schema-graph\">{\"@context\":\"https:\/\/schema.org\",\"@graph\":[{\"@type\":\"WebSite\",\"@id\":\"https:\/\/www.auroracereali.com\/#website\",\"url\":\"https:\/\/www.auroracereali.com\/\",\"name\":\"Aurora Cereali\",\"description\":\"Produttori di Cerali in Sicilia | Agricoltura Italiana Biologica Controllata\",\"potentialAction\":[{\"@type\":\"SearchAction\",\"target\":\"https:\/\/www.auroracereali.com\/?s={search_term_string}\",\"query-input\":\"required name=search_term_string\"}],\"inLanguage\":\"tr\"},{\"@type\":\"ImageObject\",\"@id\":\"https:\/\/www.auroracereali.com\/tr\/prodotto\/organik-ekmeklik-bugday\/#primaryimage\",\"inLanguage\":\"tr\",\"url\":\"https:\/\/www.auroracereali.com\/wp-content\/uploads\/2019\/05\/Chicchi-di-grano.jpg\",\"width\":1050,\"height\":750},{\"@type\":\"WebPage\",\"@id\":\"https:\/\/www.auroracereali.com\/tr\/prodotto\/organik-ekmeklik-bugday\/#webpage\",\"url\":\"https:\/\/www.auroracereali.com\/tr\/prodotto\/organik-ekmeklik-bugday\/\",\"name\":\"Organik Ekmeklik Bu\\u011fday - Aurora Cereali\",\"isPartOf\":{\"@id\":\"https:\/\/www.auroracereali.com\/#website\"},\"primaryImageOfPage\":{\"@id\":\"https:\/\/www.auroracereali.com\/tr\/prodotto\/organik-ekmeklik-bugday\/#primaryimage\"},\"datePublished\":\"2019-05-31T15:02:47+00:00\",\"dateModified\":\"2019-05-31T15:02:47+00:00\",\"inLanguage\":\"tr\",\"potentialAction\":[{\"@type\":\"ReadAction\",\"target\":[\"https:\/\/www.auroracereali.com\/tr\/prodotto\/organik-ekmeklik-bugday\/\"]}]}]}<\/script>\n<!-- \/ Yoast SEO plugin. -->","_links":{"self":[{"href":"https:\/\/www.auroracereali.com\/tr\/wp-json\/wp\/v2\/product\/1173"}],"collection":[{"href":"https:\/\/www.auroracereali.com\/tr\/wp-json\/wp\/v2\/product"}],"about":[{"href":"https:\/\/www.auroracereali.com\/tr\/wp-json\/wp\/v2\/types\/product"}],"wp:featuredmedia":[{"embeddable":true,"href":"https:\/\/www.auroracereali.com\/tr\/wp-json\/wp\/v2\/media\/1053"}],"wp:attachment":[{"href":"https:\/\/www.auroracereali.com\/tr\/wp-json\/wp\/v2\/media?parent=1173"}],"curies":[{"name":"wp","href":"https:\/\/api.w.org\/{rel}","templated":true}]}}