{"id":1180,"date":"2019-05-31T17:52:47","date_gmt":"2019-05-31T15:52:47","guid":{"rendered":"https:\/\/www.auroracereali.com\/prodotto\/yesil-bezelye\/"},"modified":"2019-05-31T17:52:47","modified_gmt":"2019-05-31T15:52:47","slug":"yesil-bezelye","status":"publish","type":"product","link":"https:\/\/www.auroracereali.com\/tr\/prodotto\/yesil-bezelye\/","title":{"rendered":"Ye\u015fil Bezelye"},"content":{"rendered":"","protected":false},"excerpt":{"rendered":"<p><strong>Konvansiyonel\u00a0 \/ Organik<\/strong><\/p>\n<p><strong>B\u0130L\u0130MSEL \u0130S\u0130M<br \/>\n<\/strong>Pisum Sativum<\/p>\n<p><strong>MEN\u015eE\u0130<br \/>\n<\/strong>\u0130TALYA<\/p>\n<p><strong>\u0130\u00c7ER\u0130K<br \/>\n<\/strong>%100 organik bezelye<\/p>\n<p><strong>A<\/strong><strong>MBALAJ<br \/>\n<\/strong>1 m b\u00fcy\u00fck torba<\/p>\n","protected":false},"featured_media":1067,"template":"","meta":[],"yoast_head":"<!-- This site is optimized with the Yoast SEO plugin v15.7 - https:\/\/yoast.com\/wordpress\/plugins\/seo\/ -->\n<title>Ye\u015fil Bezelye - Aurora Cereali<\/title>\n<meta name=\"robots\" content=\"index, follow, max-snippet:-1, max-image-preview:large, max-video-preview:-1\" \/>\n<link rel=\"canonical\" href=\"https:\/\/www.auroracereali.com\/tr\/prodotto\/yesil-bezelye\/\" \/>\n<meta property=\"og:locale\" content=\"tr_TR\" \/>\n<meta property=\"og:type\" content=\"article\" \/>\n<meta property=\"og:title\" content=\"Ye\u015fil Bezelye - Aurora Cereali\" \/>\n<meta property=\"og:description\" content=\"Konvansiyonel\u00a0 \/ Organik  B\u0130L\u0130MSEL \u0130S\u0130M Pisum Sativum  MEN\u015eE\u0130 \u0130TALYA  \u0130\u00c7ER\u0130K %100 organik bezelye  AMBALAJ 1 m b\u00fcy\u00fck torba\" \/>\n<meta property=\"og:url\" content=\"https:\/\/www.auroracereali.com\/tr\/prodotto\/yesil-bezelye\/\" \/>\n<meta property=\"og:site_name\" content=\"Aurora Cereali\" \/>\n<meta property=\"article:publisher\" content=\"https:\/\/www.facebook.com\/auroracereali\/\" \/>\n<meta property=\"og:image\" content=\"https:\/\/www.auroracereali.com\/wp-content\/uploads\/2019\/05\/piselli-legumi.jpg\" \/>\n\t<meta property=\"og:image:width\" content=\"1200\" \/>\n\t<meta property=\"og:image:height\" content=\"900\" \/>\n<meta name=\"twitter:card\" content=\"summary_large_image\" \/>\n<script type=\"application\/ld+json\" class=\"yoast-schema-graph\">{\"@context\":\"https:\/\/schema.org\",\"@graph\":[{\"@type\":\"WebSite\",\"@id\":\"https:\/\/www.auroracereali.com\/#website\",\"url\":\"https:\/\/www.auroracereali.com\/\",\"name\":\"Aurora Cereali\",\"description\":\"Produttori di Cerali in Sicilia | Agricoltura Italiana Biologica Controllata\",\"potentialAction\":[{\"@type\":\"SearchAction\",\"target\":\"https:\/\/www.auroracereali.com\/?s={search_term_string}\",\"query-input\":\"required name=search_term_string\"}],\"inLanguage\":\"tr\"},{\"@type\":\"ImageObject\",\"@id\":\"https:\/\/www.auroracereali.com\/tr\/prodotto\/yesil-bezelye\/#primaryimage\",\"inLanguage\":\"tr\",\"url\":\"https:\/\/www.auroracereali.com\/wp-content\/uploads\/2019\/05\/piselli-legumi.jpg\",\"width\":1200,\"height\":900},{\"@type\":\"WebPage\",\"@id\":\"https:\/\/www.auroracereali.com\/tr\/prodotto\/yesil-bezelye\/#webpage\",\"url\":\"https:\/\/www.auroracereali.com\/tr\/prodotto\/yesil-bezelye\/\",\"name\":\"Ye\\u015fil Bezelye - Aurora Cereali\",\"isPartOf\":{\"@id\":\"https:\/\/www.auroracereali.com\/#website\"},\"primaryImageOfPage\":{\"@id\":\"https:\/\/www.auroracereali.com\/tr\/prodotto\/yesil-bezelye\/#primaryimage\"},\"datePublished\":\"2019-05-31T15:52:47+00:00\",\"dateModified\":\"2019-05-31T15:52:47+00:00\",\"inLanguage\":\"tr\",\"potentialAction\":[{\"@type\":\"ReadAction\",\"target\":[\"https:\/\/www.auroracereali.com\/tr\/prodotto\/yesil-bezelye\/\"]}]}]}<\/script>\n<!-- \/ Yoast SEO plugin. -->","_links":{"self":[{"href":"https:\/\/www.auroracereali.com\/tr\/wp-json\/wp\/v2\/product\/1180"}],"collection":[{"href":"https:\/\/www.auroracereali.com\/tr\/wp-json\/wp\/v2\/product"}],"about":[{"href":"https:\/\/www.auroracereali.com\/tr\/wp-json\/wp\/v2\/types\/product"}],"wp:featuredmedia":[{"embeddable":true,"href":"https:\/\/www.auroracereali.com\/tr\/wp-json\/wp\/v2\/media\/1067"}],"wp:attachment":[{"href":"https:\/\/www.auroracereali.com\/tr\/wp-json\/wp\/v2\/media?parent=1180"}],"curies":[{"name":"wp","href":"https:\/\/api.w.org\/{rel}","templated":true}]}}